{"id":1772,"date":"2021-05-18T14:00:33","date_gmt":"2021-05-18T18:00:33","guid":{"rendered":"https:\/\/www.citedelenergie.com\/services\/%salles_categories%\/salon-desjardins\/"},"modified":"2021-09-03T14:35:21","modified_gmt":"2021-09-03T18:35:21","slug":"salon-desjardins","status":"publish","type":"salles","link":"https:\/\/www.citedelenergie.com\/en\/services\/la-cite-de-lenergie-en\/salon-desjardins\/","title":{"rendered":"Salon Desjardins"},"content":{"rendered":"<div id=\"zone-block_60d33af1f5389\" class=\"section section--default md-0\">\r\n\t<div class=\"py-2 py-md-3 section-placeholder\">\r\n\t\t\t\t\t\t<div class=\"section-placeholder__inner js-placeholder\">\r\n\t\t\t\t\t<div class=\"placeholder js-placeholder__inner\">Salon Desjardins<\/div>\r\n\t\t\t\t<\/div>\r\n\t\t\t\t\t\t<div class=\"container reveal js-reveal\">\n\t<div class=\"row\">\n\t\t\t\t<div class=\"overflow-hidden col-12\">\n\t\t\t\t\t<div class=\"overflow-hidden text-left\">\r\n\t\t\t<span class=\"section-subtitle reveal__item\" data-reveal=\"opacity translatexr\" data-reveal-delay=\"x\">la Cit\u00e9 de l&#8217;\u00c9nergie<\/span>\r\n\t\t\t<h1 class=\"reveal__item section-title\" data-reveal=\"opacity translatexr\" data-reveal-delay=\"x\">Salon Desjardins<\/h1>\r\n\t\t<\/div>\r\n\t\t\t\t\t<div class=\"md-3 zone-content reveal__item\" data-reveal=\"opacity translatexr\" data-reveal-delay=\"x\">\n\t\t\t\t<p>This newly renovated room offers a breathtaking view of the Saint-Maurice River through a panoramic window that allows you to admire our beautiful landscapes. It is an affordable multi-purpose room, perfect for all occasions.<\/p>\n<p><strong>The salon Desjardins rental includes:<\/strong><\/p>\n<ul>\n<li>A giant wall screen and ceiling projector<\/li>\n<li>Basic sound system for microphone speeches<\/li>\n<li>1\/8&#8243; wire to connect an iPod or laptop<\/li>\n<li>A lectern<\/li>\n<li>A microphone and stand<\/li>\n<li>6 foot rectangular tables<\/li>\n<li>60 inch round tables (8 person table)<\/li>\n<li>Upholstered leather conference style chairs<\/li>\n<li>Refrigerator(s)<\/li>\n<li>Catering facilities<\/li>\n<li>Wireless Internet according to room capacity<\/li>\n<li>Setting up and dismantling required equipment rented from Cit\u00e9 de l&#8217;\u00e9nergie<\/li>\n<\/ul>\n\t\t\t<\/div>\n\t\t\t\t\t<\/div>\n\t\t\t<\/div>\n<\/div>\n\t<\/div>\r\n<\/div>\n\n<div id=\"gallery-block_60d33ba8f538d\" class=\"section section--default md-0\">\r\n\t<div class=\"py-2 py-md-3 section-placeholder\">\r\n\t\t\t\t\t\t<div class=\"section-placeholder__inner js-placeholder\">\r\n\t\t\t\t\t<div class=\"placeholder js-placeholder__inner\">Images<\/div>\r\n\t\t\t\t<\/div>\r\n\t\t\t\t\t\t<div class=\"container reveal js-reveal\">\r\n\t\t\t<h2 class=\"overflow-hidden text-left\">\r\n\t\t\t<span class=\"section-subtitle reveal__item\" data-reveal=\"opacity translatexr\" data-reveal-delay=\"x\">the Cit\u00e9 de l&#8217;\u00c9nergie<\/span>\r\n\t\t\t<span class=\"reveal__item section-title\" data-reveal=\"opacity translatexr\" data-reveal-delay=\"x\">Images<\/span>\r\n\t\t<\/h2>\r\n\t\t\t<div class=\"md-3\">\r\n\t\t<div class=\"gallery-slider\">\r\n\t\t\t\t\t\t\t\t<a href=\"\/wp-content\/uploads\/2021\/06\/Salle-Desjardins-2.jpg\" data-fancybox=\"gallery\"><img decoding=\"async\" src=\"\/resize?src=\/wp-content\/uploads\/2021\/06\/Salle-Desjardins-2.jpg&#038;w=1640&#038;h=865\" alt=\"\" loading=\"lazy\"><\/a>\r\n\t\t\t\t\t\t\t<\/div>\r\n\t<\/div>\r\n<\/div>\r\n\t<\/div>\r\n<\/div>","protected":false},"featured_media":3024,"template":"","salles_categories":[17],"class_list":["post-1772","salles","type-salles","status-publish","has-post-thumbnail","hentry","salles_categories-la-cite-de-lenergie-en"],"acf":[],"yoast_head":"<!-- This site is optimized with the Yoast SEO plugin v27.5 - https:\/\/yoast.com\/product\/yoast-seo-wordpress\/ -->\n<title>Location de Salles \u00e0 La Cit\u00e9 de l&#039;\u00c9nergie - Salon Desjardins<\/title>\n<meta name=\"description\" content=\"Cette salle offre une vue imprenable sur la rivi\u00e8re Saint-Maurice gr\u00e2ce \u00e0 une fen\u00eatre panoramique qui vous permet d\u2019admirer nos superbes paysages.\" \/>\n<meta name=\"robots\" content=\"index, follow, max-snippet:-1, max-image-preview:large, max-video-preview:-1\" \/>\n<link rel=\"canonical\" href=\"https:\/\/www.citedelenergie.com\/en\/services\/la-cite-de-lenergie-en\/salon-desjardins\/\" \/>\n<meta property=\"og:locale\" content=\"en_US\" \/>\n<meta property=\"og:type\" content=\"article\" \/>\n<meta property=\"og:title\" content=\"Location de Salles \u00e0 La Cit\u00e9 de l&#039;\u00c9nergie - Salon Desjardins\" \/>\n<meta property=\"og:description\" content=\"Cette salle offre une vue imprenable sur la rivi\u00e8re Saint-Maurice gr\u00e2ce \u00e0 une fen\u00eatre panoramique qui vous permet d\u2019admirer nos superbes paysages.\" \/>\n<meta property=\"og:url\" content=\"https:\/\/www.citedelenergie.com\/en\/services\/la-cite-de-lenergie-en\/salon-desjardins\/\" \/>\n<meta property=\"og:site_name\" content=\"La Cit\u00e9 de l&#039;\u00c9nergie\" \/>\n<meta property=\"article:publisher\" content=\"https:\/\/www.facebook.com\/citedelenergie\/\" \/>\n<meta property=\"article:modified_time\" content=\"2021-09-03T18:35:21+00:00\" \/>\n<meta property=\"og:image\" content=\"https:\/\/www.citedelenergie.com\/wp-content\/uploads\/2021\/06\/Salle-Desjardins-2.jpg\" \/>\n\t<meta property=\"og:image:width\" content=\"1344\" \/>\n\t<meta property=\"og:image:height\" content=\"1008\" \/>\n\t<meta property=\"og:image:type\" content=\"image\/jpeg\" \/>\n<meta name=\"twitter:card\" content=\"summary_large_image\" \/>\n<meta name=\"twitter:site\" content=\"@citedelenergie\" \/>\n<script type=\"application\/ld+json\" class=\"yoast-schema-graph\">{\"@context\":\"https:\\\/\\\/schema.org\",\"@graph\":[{\"@type\":\"WebPage\",\"@id\":\"https:\\\/\\\/www.citedelenergie.com\\\/en\\\/services\\\/la-cite-de-lenergie-en\\\/salon-desjardins\\\/\",\"url\":\"https:\\\/\\\/www.citedelenergie.com\\\/en\\\/services\\\/la-cite-de-lenergie-en\\\/salon-desjardins\\\/\",\"name\":\"Location de Salles \u00e0 La Cit\u00e9 de l&#039;\u00c9nergie - Salon Desjardins\",\"isPartOf\":{\"@id\":\"https:\\\/\\\/www.citedelenergie.com\\\/en\\\/#website\"},\"primaryImageOfPage\":{\"@id\":\"https:\\\/\\\/www.citedelenergie.com\\\/en\\\/services\\\/la-cite-de-lenergie-en\\\/salon-desjardins\\\/#primaryimage\"},\"image\":{\"@id\":\"https:\\\/\\\/www.citedelenergie.com\\\/en\\\/services\\\/la-cite-de-lenergie-en\\\/salon-desjardins\\\/#primaryimage\"},\"thumbnailUrl\":\"https:\\\/\\\/www.citedelenergie.com\\\/wp-content\\\/uploads\\\/2021\\\/06\\\/Salle-Desjardins-2.jpg\",\"datePublished\":\"2021-05-18T18:00:33+00:00\",\"dateModified\":\"2021-09-03T18:35:21+00:00\",\"description\":\"Cette salle offre une vue imprenable sur la rivi\u00e8re Saint-Maurice gr\u00e2ce \u00e0 une fen\u00eatre panoramique qui vous permet d\u2019admirer nos superbes paysages.\",\"breadcrumb\":{\"@id\":\"https:\\\/\\\/www.citedelenergie.com\\\/en\\\/services\\\/la-cite-de-lenergie-en\\\/salon-desjardins\\\/#breadcrumb\"},\"inLanguage\":\"en-US\",\"potentialAction\":[{\"@type\":\"ReadAction\",\"target\":[\"https:\\\/\\\/www.citedelenergie.com\\\/en\\\/services\\\/la-cite-de-lenergie-en\\\/salon-desjardins\\\/\"]}]},{\"@type\":\"ImageObject\",\"inLanguage\":\"en-US\",\"@id\":\"https:\\\/\\\/www.citedelenergie.com\\\/en\\\/services\\\/la-cite-de-lenergie-en\\\/salon-desjardins\\\/#primaryimage\",\"url\":\"https:\\\/\\\/www.citedelenergie.com\\\/wp-content\\\/uploads\\\/2021\\\/06\\\/Salle-Desjardins-2.jpg\",\"contentUrl\":\"https:\\\/\\\/www.citedelenergie.com\\\/wp-content\\\/uploads\\\/2021\\\/06\\\/Salle-Desjardins-2.jpg\",\"width\":1344,\"height\":1008},{\"@type\":\"BreadcrumbList\",\"@id\":\"https:\\\/\\\/www.citedelenergie.com\\\/en\\\/services\\\/la-cite-de-lenergie-en\\\/salon-desjardins\\\/#breadcrumb\",\"itemListElement\":[{\"@type\":\"ListItem\",\"position\":1,\"name\":\"Accueil\",\"item\":\"https:\\\/\\\/www.citedelenergie.com\\\/en\\\/\"},{\"@type\":\"ListItem\",\"position\":2,\"name\":\"Salon Desjardins\"}]},{\"@type\":\"WebSite\",\"@id\":\"https:\\\/\\\/www.citedelenergie.com\\\/en\\\/#website\",\"url\":\"https:\\\/\\\/www.citedelenergie.com\\\/en\\\/\",\"name\":\"La Cit\u00e9 de l'\u00c9nergie\",\"description\":\"Expositions &amp; Activit\u00e9s Immersives\",\"publisher\":{\"@id\":\"https:\\\/\\\/www.citedelenergie.com\\\/en\\\/#organization\"},\"potentialAction\":[{\"@type\":\"SearchAction\",\"target\":{\"@type\":\"EntryPoint\",\"urlTemplate\":\"https:\\\/\\\/www.citedelenergie.com\\\/en\\\/?s={search_term_string}\"},\"query-input\":{\"@type\":\"PropertyValueSpecification\",\"valueRequired\":true,\"valueName\":\"search_term_string\"}}],\"inLanguage\":\"en-US\"},{\"@type\":\"Organization\",\"@id\":\"https:\\\/\\\/www.citedelenergie.com\\\/en\\\/#organization\",\"name\":\"La Cit\u00e9 de l'\u00c9nergie\",\"url\":\"https:\\\/\\\/www.citedelenergie.com\\\/en\\\/\",\"logo\":{\"@type\":\"ImageObject\",\"inLanguage\":\"en-US\",\"@id\":\"https:\\\/\\\/www.citedelenergie.com\\\/en\\\/#\\\/schema\\\/logo\\\/image\\\/\",\"url\":\"https:\\\/\\\/www.citedelenergie.com\\\/wp-content\\\/uploads\\\/2023\\\/04\\\/Logo-Cite-fond-mauve-2.png\",\"contentUrl\":\"https:\\\/\\\/www.citedelenergie.com\\\/wp-content\\\/uploads\\\/2023\\\/04\\\/Logo-Cite-fond-mauve-2.png\",\"width\":762,\"height\":700,\"caption\":\"La Cit\u00e9 de l'\u00c9nergie\"},\"image\":{\"@id\":\"https:\\\/\\\/www.citedelenergie.com\\\/en\\\/#\\\/schema\\\/logo\\\/image\\\/\"},\"sameAs\":[\"https:\\\/\\\/www.facebook.com\\\/citedelenergie\\\/\",\"https:\\\/\\\/x.com\\\/citedelenergie\",\"https:\\\/\\\/www.instagram.com\\\/citedelenergie\\\/\",\"https:\\\/\\\/www.youtube.com\\\/channel\\\/UCqe6ukCAPaHxd8osxT7eLIA\"]}]}<\/script>\n<!-- \/ Yoast SEO plugin. -->","yoast_head_json":{"title":"Location de Salles \u00e0 La Cit\u00e9 de l&#039;\u00c9nergie - Salon Desjardins","description":"Cette salle offre une vue imprenable sur la rivi\u00e8re Saint-Maurice gr\u00e2ce \u00e0 une fen\u00eatre panoramique qui vous permet d\u2019admirer nos superbes paysages.","robots":{"index":"index","follow":"follow","max-snippet":"max-snippet:-1","max-image-preview":"max-image-preview:large","max-video-preview":"max-video-preview:-1"},"canonical":"https:\/\/www.citedelenergie.com\/en\/services\/la-cite-de-lenergie-en\/salon-desjardins\/","og_locale":"en_US","og_type":"article","og_title":"Location de Salles \u00e0 La Cit\u00e9 de l&#039;\u00c9nergie - Salon Desjardins","og_description":"Cette salle offre une vue imprenable sur la rivi\u00e8re Saint-Maurice gr\u00e2ce \u00e0 une fen\u00eatre panoramique qui vous permet d\u2019admirer nos superbes paysages.","og_url":"https:\/\/www.citedelenergie.com\/en\/services\/la-cite-de-lenergie-en\/salon-desjardins\/","og_site_name":"La Cit\u00e9 de l&#039;\u00c9nergie","article_publisher":"https:\/\/www.facebook.com\/citedelenergie\/","article_modified_time":"2021-09-03T18:35:21+00:00","og_image":[{"width":1344,"height":1008,"url":"https:\/\/www.citedelenergie.com\/wp-content\/uploads\/2021\/06\/Salle-Desjardins-2.jpg","type":"image\/jpeg"}],"twitter_card":"summary_large_image","twitter_site":"@citedelenergie","schema":{"@context":"https:\/\/schema.org","@graph":[{"@type":"WebPage","@id":"https:\/\/www.citedelenergie.com\/en\/services\/la-cite-de-lenergie-en\/salon-desjardins\/","url":"https:\/\/www.citedelenergie.com\/en\/services\/la-cite-de-lenergie-en\/salon-desjardins\/","name":"Location de Salles \u00e0 La Cit\u00e9 de l&#039;\u00c9nergie - Salon Desjardins","isPartOf":{"@id":"https:\/\/www.citedelenergie.com\/en\/#website"},"primaryImageOfPage":{"@id":"https:\/\/www.citedelenergie.com\/en\/services\/la-cite-de-lenergie-en\/salon-desjardins\/#primaryimage"},"image":{"@id":"https:\/\/www.citedelenergie.com\/en\/services\/la-cite-de-lenergie-en\/salon-desjardins\/#primaryimage"},"thumbnailUrl":"https:\/\/www.citedelenergie.com\/wp-content\/uploads\/2021\/06\/Salle-Desjardins-2.jpg","datePublished":"2021-05-18T18:00:33+00:00","dateModified":"2021-09-03T18:35:21+00:00","description":"Cette salle offre une vue imprenable sur la rivi\u00e8re Saint-Maurice gr\u00e2ce \u00e0 une fen\u00eatre panoramique qui vous permet d\u2019admirer nos superbes paysages.","breadcrumb":{"@id":"https:\/\/www.citedelenergie.com\/en\/services\/la-cite-de-lenergie-en\/salon-desjardins\/#breadcrumb"},"inLanguage":"en-US","potentialAction":[{"@type":"ReadAction","target":["https:\/\/www.citedelenergie.com\/en\/services\/la-cite-de-lenergie-en\/salon-desjardins\/"]}]},{"@type":"ImageObject","inLanguage":"en-US","@id":"https:\/\/www.citedelenergie.com\/en\/services\/la-cite-de-lenergie-en\/salon-desjardins\/#primaryimage","url":"https:\/\/www.citedelenergie.com\/wp-content\/uploads\/2021\/06\/Salle-Desjardins-2.jpg","contentUrl":"https:\/\/www.citedelenergie.com\/wp-content\/uploads\/2021\/06\/Salle-Desjardins-2.jpg","width":1344,"height":1008},{"@type":"BreadcrumbList","@id":"https:\/\/www.citedelenergie.com\/en\/services\/la-cite-de-lenergie-en\/salon-desjardins\/#breadcrumb","itemListElement":[{"@type":"ListItem","position":1,"name":"Accueil","item":"https:\/\/www.citedelenergie.com\/en\/"},{"@type":"ListItem","position":2,"name":"Salon Desjardins"}]},{"@type":"WebSite","@id":"https:\/\/www.citedelenergie.com\/en\/#website","url":"https:\/\/www.citedelenergie.com\/en\/","name":"La Cit\u00e9 de l'\u00c9nergie","description":"Expositions &amp; Activit\u00e9s Immersives","publisher":{"@id":"https:\/\/www.citedelenergie.com\/en\/#organization"},"potentialAction":[{"@type":"SearchAction","target":{"@type":"EntryPoint","urlTemplate":"https:\/\/www.citedelenergie.com\/en\/?s={search_term_string}"},"query-input":{"@type":"PropertyValueSpecification","valueRequired":true,"valueName":"search_term_string"}}],"inLanguage":"en-US"},{"@type":"Organization","@id":"https:\/\/www.citedelenergie.com\/en\/#organization","name":"La Cit\u00e9 de l'\u00c9nergie","url":"https:\/\/www.citedelenergie.com\/en\/","logo":{"@type":"ImageObject","inLanguage":"en-US","@id":"https:\/\/www.citedelenergie.com\/en\/#\/schema\/logo\/image\/","url":"https:\/\/www.citedelenergie.com\/wp-content\/uploads\/2023\/04\/Logo-Cite-fond-mauve-2.png","contentUrl":"https:\/\/www.citedelenergie.com\/wp-content\/uploads\/2023\/04\/Logo-Cite-fond-mauve-2.png","width":762,"height":700,"caption":"La Cit\u00e9 de l'\u00c9nergie"},"image":{"@id":"https:\/\/www.citedelenergie.com\/en\/#\/schema\/logo\/image\/"},"sameAs":["https:\/\/www.facebook.com\/citedelenergie\/","https:\/\/x.com\/citedelenergie","https:\/\/www.instagram.com\/citedelenergie\/","https:\/\/www.youtube.com\/channel\/UCqe6ukCAPaHxd8osxT7eLIA"]}]}},"_links":{"self":[{"href":"https:\/\/www.citedelenergie.com\/en\/wp-json\/wp\/v2\/salles\/1772","targetHints":{"allow":["GET"]}}],"collection":[{"href":"https:\/\/www.citedelenergie.com\/en\/wp-json\/wp\/v2\/salles"}],"about":[{"href":"https:\/\/www.citedelenergie.com\/en\/wp-json\/wp\/v2\/types\/salles"}],"wp:featuredmedia":[{"embeddable":true,"href":"https:\/\/www.citedelenergie.com\/en\/wp-json\/wp\/v2\/media\/3024"}],"wp:attachment":[{"href":"https:\/\/www.citedelenergie.com\/en\/wp-json\/wp\/v2\/media?parent=1772"}],"wp:term":[{"taxonomy":"salles_categories","embeddable":true,"href":"https:\/\/www.citedelenergie.com\/en\/wp-json\/wp\/v2\/salles_categories?post=1772"}],"curies":[{"name":"wp","href":"https:\/\/api.w.org\/{rel}","templated":true}]}}